{"id":900,"date":"2020-06-06T11:02:39","date_gmt":"2020-06-06T11:02:39","guid":{"rendered":"https:\/\/39506912.servicio-online.net\/aytovirtual\/?page_id=900"},"modified":"2025-11-06T16:22:42","modified_gmt":"2025-11-06T16:22:42","slug":"centro-deportivo-gregorio-moreno","status":"publish","type":"page","link":"https:\/\/ayuntamientoona.com\/aytovirtual\/instalaciones-municipales\/centro-deportivo-gregorio-moreno\/","title":{"rendered":"Centro Deportivo Gregorio Moreno"},"content":{"rendered":"\t\t<div data-elementor-type=\"wp-page\" data-elementor-id=\"900\" class=\"elementor elementor-900\">\n\t\t\t\t\t\t<section class=\"elementor-section elementor-top-section elementor-element elementor-element-9d609b2 elementor-section-boxed elementor-section-height-default elementor-section-height-default\" data-id=\"9d609b2\" data-element_type=\"section\" data-e-type=\"section\">\n\t\t\t\t\t\t<div class=\"elementor-container elementor-column-gap-default\">\n\t\t\t\t\t<div class=\"elementor-column elementor-col-100 elementor-top-column elementor-element elementor-element-cc8be14\" data-id=\"cc8be14\" data-element_type=\"column\" data-e-type=\"column\">\n\t\t\t<div class=\"elementor-widget-wrap elementor-element-populated\">\n\t\t\t\t\t\t<div class=\"elementor-element elementor-element-a53e354 elementor-widget elementor-widget-heading\" data-id=\"a53e354\" data-element_type=\"widget\" data-e-type=\"widget\" data-widget_type=\"heading.default\">\n\t\t\t\t<div class=\"elementor-widget-container\">\n\t\t\t\t\t<h1 class=\"elementor-heading-title elementor-size-default\">Centro Deportivo Gregorio Moreno<\/h1>\t\t\t\t<\/div>\n\t\t\t\t<\/div>\n\t\t\t\t<div class=\"elementor-element elementor-element-f050b54 elementor-widget elementor-widget-text-editor\" data-id=\"f050b54\" data-element_type=\"widget\" data-e-type=\"widget\" data-widget_type=\"text-editor.default\">\n\t\t\t\t<div class=\"elementor-widget-container\">\n\t\t\t\t\t\t\t\t\t<p style=\"text-align: justify;\">Desde el mes de noviembre de 2006, el Ayuntamiento de O\u00f1a ha puesto a disposici\u00f3n de sus vecinos unas modernas y novedosas instalaciones deportivas ubicadas en el Paseo de la Presa, que junto a las ya preexistentes han conformado la zona de ocio y esparcimiento deportivo de la localidad. Para ello se ha reaprovechado parte de la infraestructura ferroviaria, antiguo almac\u00e9n y muelle de carga, que RENFE dispone en su l\u00ednea Santander-Mediterr\u00e1neo abandonada desde su cierre en 1984.<\/p><p style=\"text-align: justify;\"><span style=\"font-size: 14px; color: var( --e-global-color-text );\">El centro deportivo Gregorio Moreno consta de una pista de padel, una pista de squash, un gimnasio con diversos aparatos de musculaci\u00f3n y equipos de ejercicio f\u00edsico, adem\u00e1s de sauna. Todo ello complementado con la existencia de una pista polideportiva cubierta para el desarrollo de actividades como el tenis, baloncesto, balonmano o f\u00fatbol sala.<\/span><\/p><p style=\"text-align: justify;\">De esta forma se pretende dar respuesta a las inquietudes deportivas de los vecinos de la localidad, haciendo especial hincapi\u00e9 en el deporte base y en la Tercera Edad, contando adem\u00e1s con el asesoramiento profesional de un monitor deportivo como responsable \u00faltimo del funcionamiento del centro. Su horario es lunes, mi\u00e9rcoles y viernes de 11:00 a 14:00 horas, de lunes a jueves de 16:00 a 21:30 horas y viernes de 16:00 a 20:00 horas.<\/p><p style=\"text-align: justify;\">Para cualquier informaci\u00f3n adicional, o para la reserva de pistas, pueden dirigirse al n\u00famero de tel\u00e9fono 652-61.60.93<\/p>\t\t\t\t\t\t\t\t<\/div>\n\t\t\t\t<\/div>\n\t\t\t\t<div class=\"elementor-element elementor-element-331dd84 elementor-widget elementor-widget-image-gallery\" data-id=\"331dd84\" data-element_type=\"widget\" data-e-type=\"widget\" data-widget_type=\"image-gallery.default\">\n\t\t\t\t<div class=\"elementor-widget-container\">\n\t\t\t\t\t\t\t<div class=\"elementor-image-gallery\">\n\t\t\t<div id='gallery-1' class='gallery galleryid-900 gallery-columns-2 gallery-size-medium'><figure class='gallery-item'>\n\t\t\t<div class='gallery-icon landscape'>\n\t\t\t\t<a data-elementor-open-lightbox=\"yes\" data-elementor-lightbox-slideshow=\"331dd84\" data-elementor-lightbox-title=\"dsc_0354\" data-e-action-hash=\"#elementor-action%3Aaction%3Dlightbox%26settings%3DeyJpZCI6NjMsInVybCI6Imh0dHBzOlwvXC9heXVudGFtaWVudG9vbmEuY29tXC9heXRvdmlydHVhbFwvd3AtY29udGVudFwvdXBsb2Fkc1wvc2l0ZXNcLzJcLzIwMTFcLzExXC9kc2NfMDM1NC1zY2FsZWQuanBnIiwic2xpZGVzaG93IjoiMzMxZGQ4NCJ9\" href='https:\/\/ayuntamientoona.com\/aytovirtual\/wp-content\/uploads\/sites\/2\/2011\/11\/dsc_0354-scaled.jpg'><img fetchpriority=\"high\" decoding=\"async\" width=\"300\" height=\"201\" src=\"https:\/\/ayuntamientoona.com\/aytovirtual\/wp-content\/uploads\/sites\/2\/2011\/11\/dsc_0354-300x201.jpg\" class=\"attachment-medium size-medium\" alt=\"M\u00e1quinas del centro deportivo\" aria-describedby=\"gallery-1-63\" srcset=\"https:\/\/ayuntamientoona.com\/aytovirtual\/wp-content\/uploads\/sites\/2\/2011\/11\/dsc_0354-300x201.jpg 300w, https:\/\/ayuntamientoona.com\/aytovirtual\/wp-content\/uploads\/sites\/2\/2011\/11\/dsc_0354-1024x687.jpg 1024w, https:\/\/ayuntamientoona.com\/aytovirtual\/wp-content\/uploads\/sites\/2\/2011\/11\/dsc_0354-768x516.jpg 768w, https:\/\/ayuntamientoona.com\/aytovirtual\/wp-content\/uploads\/sites\/2\/2011\/11\/dsc_0354-1536x1031.jpg 1536w, https:\/\/ayuntamientoona.com\/aytovirtual\/wp-content\/uploads\/sites\/2\/2011\/11\/dsc_0354-2048x1375.jpg 2048w, https:\/\/ayuntamientoona.com\/aytovirtual\/wp-content\/uploads\/sites\/2\/2011\/11\/dsc_0354-1200x806.jpg 1200w, https:\/\/ayuntamientoona.com\/aytovirtual\/wp-content\/uploads\/sites\/2\/2011\/11\/dsc_0354-1980x1329.jpg 1980w\" sizes=\"(max-width: 300px) 100vw, 300px\" \/><\/a>\n\t\t\t<\/div>\n\t\t\t\t<figcaption class='wp-caption-text gallery-caption' id='gallery-1-63'>\n\t\t\t\tSala de m\u00e1quinas de musculaci\u00f3n\n\t\t\t\t<\/figcaption><\/figure><figure class='gallery-item'>\n\t\t\t<div class='gallery-icon landscape'>\n\t\t\t\t<a data-elementor-open-lightbox=\"yes\" data-elementor-lightbox-slideshow=\"331dd84\" data-elementor-lightbox-title=\"dsc_0361\" data-e-action-hash=\"#elementor-action%3Aaction%3Dlightbox%26settings%3DeyJpZCI6NjQsInVybCI6Imh0dHBzOlwvXC9heXVudGFtaWVudG9vbmEuY29tXC9heXRvdmlydHVhbFwvd3AtY29udGVudFwvdXBsb2Fkc1wvc2l0ZXNcLzJcLzIwMTFcLzExXC9kc2NfMDM2MS1zY2FsZWQuanBnIiwic2xpZGVzaG93IjoiMzMxZGQ4NCJ9\" href='https:\/\/ayuntamientoona.com\/aytovirtual\/wp-content\/uploads\/sites\/2\/2011\/11\/dsc_0361-scaled.jpg'><img decoding=\"async\" width=\"300\" height=\"201\" src=\"https:\/\/ayuntamientoona.com\/aytovirtual\/wp-content\/uploads\/sites\/2\/2011\/11\/dsc_0361-300x201.jpg\" class=\"attachment-medium size-medium\" alt=\"Bicicletas est\u00e1ticas del centro deportivo\" aria-describedby=\"gallery-1-64\" srcset=\"https:\/\/ayuntamientoona.com\/aytovirtual\/wp-content\/uploads\/sites\/2\/2011\/11\/dsc_0361-300x201.jpg 300w, https:\/\/ayuntamientoona.com\/aytovirtual\/wp-content\/uploads\/sites\/2\/2011\/11\/dsc_0361-1024x687.jpg 1024w, https:\/\/ayuntamientoona.com\/aytovirtual\/wp-content\/uploads\/sites\/2\/2011\/11\/dsc_0361-768x516.jpg 768w, https:\/\/ayuntamientoona.com\/aytovirtual\/wp-content\/uploads\/sites\/2\/2011\/11\/dsc_0361-1536x1031.jpg 1536w, https:\/\/ayuntamientoona.com\/aytovirtual\/wp-content\/uploads\/sites\/2\/2011\/11\/dsc_0361-2048x1375.jpg 2048w, https:\/\/ayuntamientoona.com\/aytovirtual\/wp-content\/uploads\/sites\/2\/2011\/11\/dsc_0361-1200x806.jpg 1200w, https:\/\/ayuntamientoona.com\/aytovirtual\/wp-content\/uploads\/sites\/2\/2011\/11\/dsc_0361-1980x1329.jpg 1980w\" sizes=\"(max-width: 300px) 100vw, 300px\" \/><\/a>\n\t\t\t<\/div>\n\t\t\t\t<figcaption class='wp-caption-text gallery-caption' id='gallery-1-64'>\n\t\t\t\tBicicletas est\u00e1ticas del centro\n\t\t\t\t<\/figcaption><\/figure>\n\t\t<\/div>\n\t\t<\/div>\n\t\t\t\t\t\t<\/div>\n\t\t\t\t<\/div>\n\t\t\t\t<div class=\"elementor-element elementor-element-7251826 elementor-widget elementor-widget-text-editor\" data-id=\"7251826\" data-element_type=\"widget\" data-e-type=\"widget\" data-widget_type=\"text-editor.default\">\n\t\t\t\t<div class=\"elementor-widget-container\">\n\t\t\t\t\t\t\t\t\t<h3>Tarifas<\/h3><p><strong><u>Tarifas por la utilizaci\u00f3n del centro deportivo (gimnasio, vestuarios y sauna)<\/u><\/strong><\/p><table class=\"tabl_onia_av\"><thead><tr><td>\u00a0\u00a0<\/td><th>\u00a0<\/th><th>\u00a0<\/th><\/tr><\/thead><tbody><tr><td>Matr\u00edcula\u00a0<\/td><td style=\"text-align: center;\" colspan=\"2\" align=\"center\">25 \u20ac<\/td><\/tr><tr><td>Socio (cuota mensual)\u00a0<\/td><td style=\"text-align: center;\" align=\"center\">25\u20ac<\/td><td style=\"text-align: center;\" align=\"center\">\u00a0<\/td><\/tr><tr><td rowspan=\"2\">Cuota anual (socio)<\/td><td style=\"text-align: center;\" align=\"center\">250\u20ac<\/td><td style=\"text-align: center;\" align=\"center\">\u00a0<\/td><\/tr><tr><td style=\"text-align: center;\" colspan=\"2\">La cuota se puede fraccionar en dos pagos del 50%<\/td><\/tr><tr><td>Bono de d\u00edez d\u00edas<\/td><td style=\"text-align: center;\" colspan=\"2\" align=\"center\">25 \u20ac Validez de un a\u00f1o<\/td><\/tr><tr><td>Entrada diaria<\/td><td style=\"text-align: center;\" colspan=\"2\" align=\"center\">3 \u20ac Con acceso a gimnasio y sauna<\/td><\/tr><\/tbody><\/table><p><strong><u>Tarifas por la utilizaci\u00f3n de las pistas deportivas<\/u><\/strong><\/p><table class=\"tabl_onia_av\" style=\"height: 220px;\" width=\"551\"><thead><tr><td>\u00a0<\/td><th>\u00a0<\/th><th>\u00a0<\/th><\/tr><\/thead><tbody><tr><td>Pista de squash<\/td><td style=\"text-align: center;\" align=\"center\">5\u20ac \/ hora<\/td><td style=\"text-align: center;\" align=\"center\">\u00a0<\/td><\/tr><tr><td>Pista de p\u00e1del<\/td><td style=\"text-align: center;\" align=\"center\">6 \u20ac\/hora sin luz\u00a0<br \/>10 \u20ac\/hora con luz<\/td><td style=\"text-align: center;\" align=\"center\">\u00a0<\/td><\/tr><tr><td style=\"text-align: center;\" colspan=\"3\" align=\"center\">No podr\u00e1n alquilarse por m\u00e1s de dos horas continuadas por la misma persona.<br \/>Su alquiler conlleva el derecho a utilizar los vestuarios y las duchas, pero no la sauna.<\/td><\/tr><\/tbody><\/table><p><strong><u>Tarifas por las actividades deportivas que se desarrollan en el centro <\/u><\/strong><\/p><table class=\"tabl_onia_av\"><tbody><tr><th style=\"border-bottom: 1px solid #ffffff; vertical-align: middle;\" align=\"center\">Actividades f\u00edsicas 3\u00aa Edad<\/th><td align=\"center\">5 \u20ac socios\u00a0<br \/>10 \u20ac no socios\u00a0<\/td><\/tr><tr><th style=\"border-bottom: 1px solid #ffffff; vertical-align: middle;\" align=\"center\">Predeporte<\/th><td align=\"center\">15 \u20ac socios<br \/>20 \u20ac no socios\u00a0<\/td><\/tr><tr><th style=\"border-bottom: 1px solid #ffffff; vertical-align: middle;\" align=\"center\">M\u00e9todo Pilates o similares<\/th><td align=\"center\">15 \u20ac\u00a0 socios\u00a0<br \/>20 \u20ac no socios\u00a0<\/td><\/tr><tr><th style=\"vertical-align: middle;\" align=\"center\">Clases especializadas deporte<\/th><td align=\"center\">15 \u20ac socios\u00a0<br \/>20 \u20ac no socios\u00a0<\/td><\/tr><\/tbody><\/table><div style=\"clear: both; text-align: justify;\">Los precios son por mensualidad.<\/div><div style=\"clear: both; text-align: justify;\">Estas tasas se considerar\u00e1n para cursos que se impartan durante un mes, un m\u00ednimo de dos horas a la semana y un m\u00e1ximo de tres (en el supuesto excepcional de que se realicen cursos de una hora semanal, la tasa ser\u00e1 de la mitad). Si se trata de cursillos intensivos de duraci\u00f3n inferior al mes, se aplicar\u00e1 la parte proporcional en funci\u00f3n de las horas del cursillo.<\/div><div>\u00a0<\/div><div style=\"clear: both; text-align: justify;\"><strong><u>Exenciones y bonificaciones <\/u><\/strong><\/div><table class=\"tabl_onia_av\"><tbody><tr><th style=\"border-bottom: 1px solid #ffffff; vertical-align: middle;\" align=\"center\">Familias numerosas reconocidas como tales por la Junta de Castilla y Le\u00f3n, y empadronadas en el municipio.<\/th><td align=\"center\">25% de reducci\u00f3n en las cuotas de socios o en el bono.<\/td><\/tr><tr><th style=\"border-bottom: 1px solid #ffffff; vertical-align: middle;\" align=\"center\">Jubilados mayores de 65 a\u00f1os<\/th><td align=\"center\">Bonificaci\u00f3n del 50% en el carn\u00e9 de socio o en el bono.<\/td><\/tr><tr><th style=\"vertical-align: middle;\" align=\"center\">Personas que tengan reconocida una discapacidad igual o superior al 33%<\/th><td align=\"center\">Bonificaci\u00f3n del 50% en el carn\u00e9 de socio o en el bono.<\/td><\/tr><\/tbody><\/table>\t\t\t\t\t\t\t\t<\/div>\n\t\t\t\t<\/div>\n\t\t\t\t\t<\/div>\n\t\t<\/div>\n\t\t\t\t\t<\/div>\n\t\t<\/section>\n\t\t\t\t<\/div>\n\t\t","protected":false},"excerpt":{"rendered":"<p>Centro Deportivo Gregorio Moreno Desde el mes de noviembre de 2006, el Ayuntamiento de O\u00f1a ha puesto a disposici\u00f3n de sus vecinos unas modernas y novedosas instalaciones deportivas ubicadas en el Paseo de la Presa, que junto a las ya preexistentes han conformado la zona de ocio y esparcimiento deportivo de la localidad. Para ello [&hellip;]<\/p>\n","protected":false},"author":1,"featured_media":0,"parent":892,"menu_order":2,"comment_status":"closed","ping_status":"closed","template":"","meta":{"_acf_changed":false,"ocean_front_end_style_editor":"no","ocean_post_layout":"","ocean_both_sidebars_style":"","ocean_both_sidebars_content_width":0,"ocean_both_sidebars_sidebars_width":0,"ocean_sidebar":"0","ocean_second_sidebar":"0","ocean_disable_margins":"enable","ocean_add_body_class":"","ocean_shortcode_before_top_bar":"","ocean_shortcode_after_top_bar":"","ocean_shortcode_before_header":"","ocean_shortcode_after_header":"","ocean_has_shortcode":"","ocean_shortcode_after_title":"","ocean_shortcode_before_footer_widgets":"","ocean_shortcode_after_footer_widgets":"","ocean_shortcode_before_footer_bottom":"","ocean_shortcode_after_footer_bottom":"","ocean_display_top_bar":"default","ocean_display_header":"default","ocean_header_style":"","ocean_center_header_left_menu":"0","ocean_custom_header_template":"0","ocean_custom_logo":0,"ocean_custom_retina_logo":0,"ocean_custom_logo_max_width":0,"ocean_custom_logo_tablet_max_width":0,"ocean_custom_logo_mobile_max_width":0,"ocean_custom_logo_max_height":0,"ocean_custom_logo_tablet_max_height":0,"ocean_custom_logo_mobile_max_height":0,"ocean_header_custom_menu":"0","ocean_menu_typo_font_family":"0","ocean_menu_typo_font_subset":"","ocean_menu_typo_font_size":0,"ocean_menu_typo_font_size_tablet":0,"ocean_menu_typo_font_size_mobile":0,"ocean_menu_typo_font_size_unit":"px","ocean_menu_typo_font_weight":"","ocean_menu_typo_font_weight_tablet":"","ocean_menu_typo_font_weight_mobile":"","ocean_menu_typo_transform":"","ocean_menu_typo_transform_tablet":"","ocean_menu_typo_transform_mobile":"","ocean_menu_typo_line_height":0,"ocean_menu_typo_line_height_tablet":0,"ocean_menu_typo_line_height_mobile":0,"ocean_menu_typo_line_height_unit":"","ocean_menu_typo_spacing":0,"ocean_menu_typo_spacing_tablet":0,"ocean_menu_typo_spacing_mobile":0,"ocean_menu_typo_spacing_unit":"","ocean_menu_link_color":"","ocean_menu_link_color_hover":"","ocean_menu_link_color_active":"","ocean_menu_link_background":"","ocean_menu_link_hover_background":"","ocean_menu_link_active_background":"","ocean_menu_social_links_bg":"","ocean_menu_social_hover_links_bg":"","ocean_menu_social_links_color":"","ocean_menu_social_hover_links_color":"","ocean_disable_title":"enable","ocean_disable_heading":"on","ocean_post_title":"","ocean_post_subheading":"","ocean_post_title_style":"","ocean_post_title_background_color":"","ocean_post_title_background":0,"ocean_post_title_bg_image_position":"","ocean_post_title_bg_image_attachment":"","ocean_post_title_bg_image_repeat":"","ocean_post_title_bg_image_size":"","ocean_post_title_height":0,"ocean_post_title_bg_overlay":0.5,"ocean_post_title_bg_overlay_color":"","ocean_disable_breadcrumbs":"default","ocean_breadcrumbs_color":"","ocean_breadcrumbs_separator_color":"","ocean_breadcrumbs_links_color":"","ocean_breadcrumbs_links_hover_color":"","ocean_display_footer_widgets":"default","ocean_display_footer_bottom":"default","ocean_custom_footer_template":"0","footnotes":""},"class_list":["post-900","page","type-page","status-publish","hentry","entry"],"acf":[],"_links":{"self":[{"href":"https:\/\/ayuntamientoona.com\/aytovirtual\/wp-json\/wp\/v2\/pages\/900","targetHints":{"allow":["GET"]}}],"collection":[{"href":"https:\/\/ayuntamientoona.com\/aytovirtual\/wp-json\/wp\/v2\/pages"}],"about":[{"href":"https:\/\/ayuntamientoona.com\/aytovirtual\/wp-json\/wp\/v2\/types\/page"}],"author":[{"embeddable":true,"href":"https:\/\/ayuntamientoona.com\/aytovirtual\/wp-json\/wp\/v2\/users\/1"}],"replies":[{"embeddable":true,"href":"https:\/\/ayuntamientoona.com\/aytovirtual\/wp-json\/wp\/v2\/comments?post=900"}],"version-history":[{"count":25,"href":"https:\/\/ayuntamientoona.com\/aytovirtual\/wp-json\/wp\/v2\/pages\/900\/revisions"}],"predecessor-version":[{"id":3101,"href":"https:\/\/ayuntamientoona.com\/aytovirtual\/wp-json\/wp\/v2\/pages\/900\/revisions\/3101"}],"up":[{"embeddable":true,"href":"https:\/\/ayuntamientoona.com\/aytovirtual\/wp-json\/wp\/v2\/pages\/892"}],"wp:attachment":[{"href":"https:\/\/ayuntamientoona.com\/aytovirtual\/wp-json\/wp\/v2\/media?parent=900"}],"curies":[{"name":"wp","href":"https:\/\/api.w.org\/{rel}","templated":true}]}}